{"id":75,"date":"2022-02-16T18:45:21","date_gmt":"2022-02-16T17:45:21","guid":{"rendered":"https:\/\/2022.zse-2.krakow.pl\/index.php\/mesmerize\/"},"modified":"2026-03-27T20:03:48","modified_gmt":"2026-03-27T19:03:48","slug":"mesmerize","status":"publish","type":"page","link":"https:\/\/zse-2.krakow.pl\/","title":{"rendered":"Front Page"},"content":{"rendered":"<div  id=\"overlappable-4\" style=\"background-color: #ffffff;\" data-label=\"Overlappable\" data-id=\"overlappable-4\" data-export-id=\"overlappable-4\" data-category=\"overlappable\" class=\"overlappable-4 content-section content-section-spacing\" data-overlap=\"true\"><div  class=\"gridContainer\"> <div  data-type=\"row\" class=\"row spaced-cols text-center\"><div  class=\"col-xs-12 col-sm-4 col-padding col-md-2 \"> <a  data-cp-link=\"1\" href=\"https:\/\/zse-2.edupage.org\" target=\"_blank\" rel=\"noopener\" class=\"\"><i  class=\"fa icon shadow-large-black aligncenter color1 fa-list-ol reverse round large\"><\/i><\/a> <div  data-type=\"column\" class=\"\"><h5  class=\"\">Plan lekcji<\/h5> <\/div> <\/div><div  class=\"col-xs-12 col-sm-4 col-padding col-md-2 \"> <a  data-cp-link=\"1\" href=\"https:\/\/portal.librus.pl\/szkola\" target=\"_blank\" rel=\"noopener\" class=\"\"><i  class=\"fa icon shadow-large-black aligncenter color1 fa-book reverse round large\"><\/i><\/a> <div  data-type=\"column\" class=\"\"> <h5  class=\"\">Dziennik elektroniczny LIBRUS<\/h5> <\/div> <\/div>  <div  class=\"col-xs-12 col-sm-4 col-padding col-md-2 \"> <a  data-cp-link=\"1\" href=\"https:\/\/zse-2.krakow.pl\/index.php\/egzaminy-zawodowe\" target=\"_self\" rel=\"noopener\" class=\"\"><i  class=\"fa icon shadow-large-black aligncenter color1 fa-desktop reverse round large\"><\/i><\/a> <div  data-type=\"column\" class=\"\"><h5  class=\"\">Egzaminy zawodowe<\/h5> <\/div> <\/div><div  class=\"col-xs-12 col-sm-4 col-padding col-md-2 \"> <a  data-cp-link=\"1\" href=\"https:\/\/zse-2.krakow.pl\/index.php\/matura\" target=\"_self\" rel=\"noopener\" class=\"\"><i  class=\"fa icon shadow-large-black aligncenter color1 fa-graduation-cap reverse round large\"><\/i><\/a> <div  data-type=\"column\" class=\"\"><h5  class=\"\">Egzaminy maturalne<\/h5> <\/div> <\/div><div  class=\"col-xs-12 col-sm-4 col-padding col-md-2 \"> <a  data-cp-link=\"1\" href=\"https:\/\/zse-2.krakow.pl\/index.php\/samorzad-uczniowski\" target=\"_self\" rel=\"noopener\" class=\"\"><i  class=\"fa icon shadow-large-black aligncenter color1 fa-users reverse round large\"><\/i><\/a> <div  data-type=\"column\" class=\"\"><h5  class=\"\">Samorz\u0105d Uczniowski<\/h5> <\/div> <\/div><div  class=\"col-xs-12 col-sm-4 col-padding col-md-2 \"> <a  data-cp-link=\"1\" href=\"https:\/\/docs.google.com\/document\/d\/11wwCnDd29gTIycWydNTLA7OBvOAr_qw0\/edit?usp=drive_link&amp;ouid=101840456530558912410&amp;rtpof=true&amp;sd=true\" target=\"_blank\" rel=\"noopener\" class=\"\"><i  class=\"fa icon shadow-large-black aligncenter color1 fa-calendar reverse round large\"><\/i><\/a> <div  data-type=\"column\" class=\"\"><h5  class=\"\">Kalendarz roku szkolnego 2025\/26<\/h5> <\/div> <\/div><\/div> <\/div><\/div><div  id=\"latest-news\" style=\"background-color: #f5fafd;\" data-label=\"Latest news\" data-id=\"blog-section\" data-export-id=\"blog-section\" data-category=\"latest_news\" class=\"blog-section blog-section-standard content-section content-section-spacing\"><div  class=\"gridContainer\"> <div  class=\"row\"><div  data-type=\"column\" class=\"section-title-col\"> <h2  class=\"\">Aktualno\u015bci<\/h2> <\/div> <\/div> <div  class=\"row\"> <div  data-type=\"row\" data-dynamic-columns=\"handled\" data-content-shortcode=\"mesmerize_latest_news columns=&quot;4&quot; \">\t\t<div class=\"row center-sm content-left-sm\">\n\t\t\t\t\t<div id=\"post-7079\" class=\"col-sm-6 col-md-4 space-bottom space-bottom-xs\">\n\t\t\t\t<div class=\"post-content card y-move bordered\">\n\t\t\t\t\t<div class=\"post-thumbnail\">\n   <a href=\"https:\/\/zse-2.krakow.pl\/index.php\/2026\/04\/28\/zakonczenie-roku-klas-5\/\" class=\"post-list-item-thumb \">\n      <img loading=\"lazy\" decoding=\"async\" width=\"1024\" height=\"461\" src=\"https:\/\/zse-2.krakow.pl\/wp-content\/uploads\/2026\/04\/maturzysci_2026_14-1024x461.jpg\" class=\"attachment-post-thumbnail size-post-thumbnail wp-post-image\" alt=\"\" srcset=\"https:\/\/zse-2.krakow.pl\/wp-content\/uploads\/2026\/04\/maturzysci_2026_14-1024x461.jpg 1024w, https:\/\/zse-2.krakow.pl\/wp-content\/uploads\/2026\/04\/maturzysci_2026_14-300x135.jpg 300w, https:\/\/zse-2.krakow.pl\/wp-content\/uploads\/2026\/04\/maturzysci_2026_14-768x346.jpg 768w, https:\/\/zse-2.krakow.pl\/wp-content\/uploads\/2026\/04\/maturzysci_2026_14-1536x691.jpg 1536w, https:\/\/zse-2.krakow.pl\/wp-content\/uploads\/2026\/04\/maturzysci_2026_14-2048x922.jpg 2048w, https:\/\/zse-2.krakow.pl\/wp-content\/uploads\/2026\/04\/maturzysci_2026_14-1920x864.jpg 1920w\" sizes=\"auto, (max-width: 1024px) 100vw, 1024px\" \/>   <\/a>\n<\/div>\n\t\t\t\t\t<div class=\"col-padding col-padding-xs\">\n\t\t\t\t\t\t<h3 class=\"post-title space-bottom-small\">\n\t\t\t\t\t\t\t<a href=\"https:\/\/zse-2.krakow.pl\/index.php\/2026\/04\/28\/zakonczenie-roku-klas-5\/\" rel=\"bookmark\">\n\t\t\t\t\t\t\t\tZako\u0144czenie nauki w 5 klasach\t\t\t\t\t\t\t<\/a>\n\t\t\t\t\t\t<\/h3>\n\t\t\t\t\t\t<p>W pi\u0105tek 24 kwietnia 2026 zamkn\u0119li\u015bmy wa\u017cny rozdzia\u0142 w historii ZSE Nr 2! To dzie\u0144 w kt\u00f3rym uczniowie 5 klas opu\u015bcili nasz\u0105 szko\u0142\u0119 jako absolwenci 5 wsp\u00f3lnych lat to by\u0142[&hellip;]<\/p>\n\t\t\t\t\t\t<a class=\"read-more link\" href=\"https:\/\/zse-2.krakow.pl\/index.php\/2026\/04\/28\/zakonczenie-roku-klas-5\/\">\n\t\t\t\t\t\t\tCzytaj wi\u0119cej\t\t\t\t\t\t<\/a>\n\t\t\t\t\t<\/div>\n\t\t\t\t<\/div>\n\t\t\t<\/div>\n\t\t\t\t\t\t<div id=\"post-7083\" class=\"col-sm-6 col-md-4 space-bottom space-bottom-xs\">\n\t\t\t\t<div class=\"post-content card y-move bordered\">\n\t\t\t\t\t<div class=\"post-thumbnail\">\n   <a href=\"https:\/\/zse-2.krakow.pl\/index.php\/2026\/04\/28\/konkurs-biblioteczny-drzewo-recenzji-3\/\" class=\"post-list-item-thumb \">\n      <img loading=\"lazy\" decoding=\"async\" width=\"900\" height=\"576\" src=\"https:\/\/zse-2.krakow.pl\/wp-content\/uploads\/2026\/04\/20260424_124320.jpg\" class=\"attachment-post-thumbnail size-post-thumbnail wp-post-image\" alt=\"\" srcset=\"https:\/\/zse-2.krakow.pl\/wp-content\/uploads\/2026\/04\/20260424_124320.jpg 900w, https:\/\/zse-2.krakow.pl\/wp-content\/uploads\/2026\/04\/20260424_124320-300x192.jpg 300w, https:\/\/zse-2.krakow.pl\/wp-content\/uploads\/2026\/04\/20260424_124320-768x492.jpg 768w\" sizes=\"auto, (max-width: 900px) 100vw, 900px\" \/>   <\/a>\n<\/div>\n\t\t\t\t\t<div class=\"col-padding col-padding-xs\">\n\t\t\t\t\t\t<h3 class=\"post-title space-bottom-small\">\n\t\t\t\t\t\t\t<a href=\"https:\/\/zse-2.krakow.pl\/index.php\/2026\/04\/28\/konkurs-biblioteczny-drzewo-recenzji-3\/\" rel=\"bookmark\">\n\t\t\t\t\t\t\t\tKonkurs biblioteczny &#8222;Drzewo recenzji&#8221;\t\t\t\t\t\t\t<\/a>\n\t\t\t\t\t\t<\/h3>\n\t\t\t\t\t\t<p>W Wojew\u00f3dzkiej Bibliotece Publicznej w Krakowie odby\u0142 si\u0119 konkurs zorganizowany przez Towarzystwo Nauczycieli Bibliotekarzy Szk\u00f3\u0142 Polskich &#8222;Drzewo recenzji &#8211; warto czy nie warto przeczyta\u0107&#8230;&#8221; Konkurs ten odbywa si\u0119 cyklicznie, jego[&hellip;]<\/p>\n\t\t\t\t\t\t<a class=\"read-more link\" href=\"https:\/\/zse-2.krakow.pl\/index.php\/2026\/04\/28\/konkurs-biblioteczny-drzewo-recenzji-3\/\">\n\t\t\t\t\t\t\tCzytaj wi\u0119cej\t\t\t\t\t\t<\/a>\n\t\t\t\t\t<\/div>\n\t\t\t\t<\/div>\n\t\t\t<\/div>\n\t\t\t\t\t\t<div id=\"post-7086\" class=\"col-sm-6 col-md-4 space-bottom space-bottom-xs\">\n\t\t\t\t<div class=\"post-content card y-move bordered\">\n\t\t\t\t\t<div class=\"post-thumbnail\">\n   <a href=\"https:\/\/zse-2.krakow.pl\/index.php\/2026\/04\/28\/konkurs-na-rozmowe-kwalifikacyjna-w-j-angielskim\/\" class=\"post-list-item-thumb \">\n      <img loading=\"lazy\" decoding=\"async\" width=\"900\" height=\"647\" src=\"https:\/\/zse-2.krakow.pl\/wp-content\/uploads\/2026\/04\/20260424_114845.jpg\" class=\"attachment-post-thumbnail size-post-thumbnail wp-post-image\" alt=\"\" srcset=\"https:\/\/zse-2.krakow.pl\/wp-content\/uploads\/2026\/04\/20260424_114845.jpg 900w, https:\/\/zse-2.krakow.pl\/wp-content\/uploads\/2026\/04\/20260424_114845-300x216.jpg 300w, https:\/\/zse-2.krakow.pl\/wp-content\/uploads\/2026\/04\/20260424_114845-768x552.jpg 768w\" sizes=\"auto, (max-width: 900px) 100vw, 900px\" \/>   <\/a>\n<\/div>\n\t\t\t\t\t<div class=\"col-padding col-padding-xs\">\n\t\t\t\t\t\t<h3 class=\"post-title space-bottom-small\">\n\t\t\t\t\t\t\t<a href=\"https:\/\/zse-2.krakow.pl\/index.php\/2026\/04\/28\/konkurs-na-rozmowe-kwalifikacyjna-w-j-angielskim\/\" rel=\"bookmark\">\n\t\t\t\t\t\t\t\tKonkurs na rozmow\u0119 kwalifikacyjn\u0105\t\t\t\t\t\t\t<\/a>\n\t\t\t\t\t\t<\/h3>\n\t\t\t\t\t\t<p>W dniu 24 kwietnia 2026 odby\u0142 si\u0119 szkolny konkurs na rozmow\u0119 kwalifikacyjn\u0105 w j\u0119zyku angielskim. Zwyci\u0119zcami konkursu zostali: Nina Zi\u00f3\u0142kowska i Natalia Kurowska z klasy 3R (I msc) oraz Aleksander[&hellip;]<\/p>\n\t\t\t\t\t\t<a class=\"read-more link\" href=\"https:\/\/zse-2.krakow.pl\/index.php\/2026\/04\/28\/konkurs-na-rozmowe-kwalifikacyjna-w-j-angielskim\/\">\n\t\t\t\t\t\t\tCzytaj wi\u0119cej\t\t\t\t\t\t<\/a>\n\t\t\t\t\t<\/div>\n\t\t\t\t<\/div>\n\t\t\t<\/div>\n\t\t\t\t<\/div>\n\t<\/div><\/div> <div  class=\"row\"><div  class=\"text-center\"> <a  class=\"button color1\" data-attr-shortcode=\"href:mesmerize_blog_link\" href=\"https:\/\/zse-2.krakow.pl\/?post_type=post\">Zobacz wi\u0119cej aktualno\u015bci<\/a><\/div> <\/div><\/div><\/div>","protected":false},"excerpt":{"rendered":"<p>Plan lekcji Dziennik elektroniczny LIBRUS Egzaminy zawodowe Egzaminy maturalne Samorz\u0105d Uczniowski Kalendarz roku szkolnego 2025\/26 Aktualno\u015bci Zobacz wi\u0119cej aktualno\u015bci<\/p>\n","protected":false},"author":1,"featured_media":711,"parent":0,"menu_order":0,"comment_status":"closed","ping_status":"closed","template":"page-templates\/homepage.php","meta":{"footnotes":""},"class_list":["post-75","page","type-page","status-publish","has-post-thumbnail","hentry"],"_links":{"self":[{"href":"https:\/\/zse-2.krakow.pl\/index.php\/wp-json\/wp\/v2\/pages\/75","targetHints":{"allow":["GET"]}}],"collection":[{"href":"https:\/\/zse-2.krakow.pl\/index.php\/wp-json\/wp\/v2\/pages"}],"about":[{"href":"https:\/\/zse-2.krakow.pl\/index.php\/wp-json\/wp\/v2\/types\/page"}],"author":[{"embeddable":true,"href":"https:\/\/zse-2.krakow.pl\/index.php\/wp-json\/wp\/v2\/users\/1"}],"replies":[{"embeddable":true,"href":"https:\/\/zse-2.krakow.pl\/index.php\/wp-json\/wp\/v2\/comments?post=75"}],"version-history":[{"count":62,"href":"https:\/\/zse-2.krakow.pl\/index.php\/wp-json\/wp\/v2\/pages\/75\/revisions"}],"predecessor-version":[{"id":5866,"href":"https:\/\/zse-2.krakow.pl\/index.php\/wp-json\/wp\/v2\/pages\/75\/revisions\/5866"}],"wp:featuredmedia":[{"embeddable":true,"href":"https:\/\/zse-2.krakow.pl\/index.php\/wp-json\/wp\/v2\/media\/711"}],"wp:attachment":[{"href":"https:\/\/zse-2.krakow.pl\/index.php\/wp-json\/wp\/v2\/media?parent=75"}],"curies":[{"name":"wp","href":"https:\/\/api.w.org\/{rel}","templated":true}]}}